{"id":382,"date":"2019-10-03T19:34:05","date_gmt":"2019-10-03T17:34:05","guid":{"rendered":"http:\/\/neu.ttcpelaka.de\/?page_id=382"},"modified":"2023-09-16T19:20:15","modified_gmt":"2023-09-16T17:20:15","slug":"vereinsmeister","status":"publish","type":"page","link":"https:\/\/ttcpelaka.de\/?page_id=382","title":{"rendered":"Vereinsmeister"},"content":{"rendered":"\t\t<div data-elementor-type=\"wp-post\" data-elementor-id=\"382\" class=\"elementor elementor-382\">\n\t\t\t\t\t\t<div class=\"elementor-inner\">\n\t\t\t\t<div class=\"elementor-section-wrap\">\n\t\t\t\t\t\t\t\t\t<section class=\"elementor-section elementor-top-section elementor-element elementor-element-d6f964e elementor-section-boxed elementor-section-height-default elementor-section-height-default\" data-id=\"d6f964e\" data-element_type=\"section\">\n\t\t\t\t\t\t<div class=\"elementor-container elementor-column-gap-default\">\n\t\t\t\t\t\t\t<div class=\"elementor-row\">\n\t\t\t\t\t<div class=\"elementor-column elementor-col-100 elementor-top-column elementor-element elementor-element-9f60ffb\" data-id=\"9f60ffb\" data-element_type=\"column\">\n\t\t\t<div class=\"elementor-column-wrap elementor-element-populated\">\n\t\t\t\t\t\t\t<div class=\"elementor-widget-wrap\">\n\t\t\t\t\t\t<div class=\"elementor-element elementor-element-457fb41 elementor-widget elementor-widget-heading\" data-id=\"457fb41\" data-element_type=\"widget\" data-widget_type=\"heading.default\">\n\t\t\t\t<div class=\"elementor-widget-container\">\n\t\t\t<h2 class=\"elementor-heading-title elementor-size-default\">Vereinsmeisterschaften<\/h2>\t\t<\/div>\n\t\t\t\t<\/div>\n\t\t\t\t\t\t<\/div>\n\t\t\t\t\t<\/div>\n\t\t<\/div>\n\t\t\t\t\t\t\t\t<\/div>\n\t\t\t\t\t<\/div>\n\t\t<\/section>\n\t\t\t\t<section class=\"elementor-section elementor-top-section elementor-element elementor-element-f15df8d elementor-section-boxed elementor-section-height-default elementor-section-height-default\" data-id=\"f15df8d\" data-element_type=\"section\">\n\t\t\t\t\t\t<div class=\"elementor-container elementor-column-gap-default\">\n\t\t\t\t\t\t\t<div class=\"elementor-row\">\n\t\t\t\t\t<div class=\"elementor-column elementor-col-33 elementor-top-column elementor-element elementor-element-b170613\" data-id=\"b170613\" data-element_type=\"column\">\n\t\t\t<div class=\"elementor-column-wrap\">\n\t\t\t\t\t\t\t<div class=\"elementor-widget-wrap\">\n\t\t\t\t\t\t\t\t<\/div>\n\t\t\t\t\t<\/div>\n\t\t<\/div>\n\t\t\t\t<div class=\"elementor-column elementor-col-33 elementor-top-column elementor-element elementor-element-947dac8\" data-id=\"947dac8\" data-element_type=\"column\">\n\t\t\t<div class=\"elementor-column-wrap elementor-element-populated\">\n\t\t\t\t\t\t\t<div class=\"elementor-widget-wrap\">\n\t\t\t\t\t\t<div class=\"elementor-element elementor-element-53c147c elementor-widget elementor-widget-toggle\" data-id=\"53c147c\" data-element_type=\"widget\" data-widget_type=\"toggle.default\">\n\t\t\t\t<div class=\"elementor-widget-container\">\n\t\t\t\t\t<div class=\"elementor-toggle\" role=\"tablist\">\n\t\t\t\t\t\t\t<div class=\"elementor-toggle-item\">\n\t\t\t\t\t<div id=\"elementor-tab-title-8781\" class=\"elementor-tab-title\" data-tab=\"1\" role=\"tab\" aria-controls=\"elementor-tab-content-8781\" aria-expanded=\"false\">\n\t\t\t\t\t\t\t\t\t\t\t\t<span class=\"elementor-toggle-icon elementor-toggle-icon-left\" aria-hidden=\"true\">\n\t\t\t\t\t\t\t\t\t\t\t\t\t\t\t<span class=\"elementor-toggle-icon-closed\"><i class=\"fas fa-caret-right\"><\/i><\/span>\n\t\t\t\t\t\t\t\t<span class=\"elementor-toggle-icon-opened\"><i class=\"elementor-toggle-icon-opened fas fa-caret-up\"><\/i><\/span>\n\t\t\t\t\t\t\t\t\t\t\t\t\t<\/span>\n\t\t\t\t\t\t\t\t\t\t\t\t<a href=\"\" class=\"elementor-toggle-title\">2023 Jugend und Erwachsene<\/a>\n\t\t\t\t\t<\/div>\n\n\t\t\t\t\t<div id=\"elementor-tab-content-8781\" class=\"elementor-tab-content elementor-clearfix\" data-tab=\"1\" role=\"tabpanel\" aria-labelledby=\"elementor-tab-title-8781\"><p><span>An den\u00a0<\/span>Vereinsmeisterschaften der <b><u>Jugend <\/u><\/b>2023 des TTC Pe-La-Ka nahmen 13 Spieler*innen teil. In drei Gruppen wurde jeder gegen jeden gespielt:<\/p><p><span style=\"text-decoration: underline;\">Gruppe A<\/span><br \/>1.\u00a0 Lasse Wachsmuth\u00a0 \u00a0 4:0 Spiele\u00a0 12:0 S\u00e4tze<br \/>2.\u00a0 Nils Walther\u00a0 \u00a0 \u00a0 \u00a0 \u00a0 \u00a0 \u00a0 \u00a03:1 Spiele\u00a0 \u00a0 9:4 S\u00e4tze<br \/>3.\u00a0 Rune Pokriefke\u00a0 \u00a0 \u00a0 \u00a0 \u00a0 2:3 Spiele\u00a0 \u00a0 7:6 S\u00e4tze<br \/>4.\u00a0 Jasper Bode\u00a0 \u00a0 \u00a0 \u00a0 \u00a0 \u00a0 \u00a0 \u00a01:3 Spiele\u00a0 \u00a0 3:9 S\u00e4tze<br \/>5.\u00a0 Joshua Schmidt\u00a0 \u00a0 \u00a0 \u00a0 \u00a00:4 Spiele\u00a0 \u00a0 0:12 S\u00e4tze<\/p><p><span style=\"text-decoration: underline;\">Gruppe B<\/span><br \/>1.\u00a0 Jannis Mai\u00a0 \u00a0 \u00a0 \u00a0 \u00a0 \u00a0 \u00a0 \u00a0 \u00a0 3:0 Spiele\u00a0 \u00a0 \u00a09:0 S\u00e4tze<br \/>2.\u00a0 Carlotta Witt\u00a0 \u00a0 \u00a0 \u00a0 \u00a0 \u00a0 \u00a0 2:1 Spiele\u00a0 \u00a0 \u00a06:4 S\u00e4tze<br \/>3.\u00a0 Jacob Betge\u00a0 \u00a0 \u00a0 \u00a0 \u00a0 \u00a0 \u00a0 \u00a01:2 Spiele\u00a0 \u00a0 \u00a04:6 S\u00e4tze<br \/>4.\u00a0 Riyan Chaudhry\u00a0 \u00a0 \u00a0 \u00a0 \u00a00:3 Spiele\u00a0 \u00a0 0:9 S\u00e4tze<\/p><p><span style=\"text-decoration: underline;\">Gruppe C<\/span><br \/>1.\u00a0 Jaaron Bode\u00a0 \u00a0 \u00a0 \u00a0 \u00a0 \u00a0 \u00a0 \u00a03:0 Spiele\u00a0 \u00a0 9:0 S\u00e4tze<br \/>2.\u00a0 Felix Betge\u00a0 \u00a0 \u00a0 \u00a0 \u00a0 \u00a0 \u00a0 \u00a0 \u00a0 2:1 Spiele\u00a0 \u00a0 6:3 S\u00e4tze<br \/>3.\u00a0 Felix Duus\u00a0 \u00a0 \u00a0 \u00a0 \u00a0 \u00a0 \u00a0 \u00a0 \u00a0 \u00a01:2 Spiele\u00a0 \u00a0 3:6 S\u00e4tze<br \/>4.\u00a0 Lennox Schmidt\u00a0 \u00a0 \u00a0 \u00a0 \u00a00:3 Spiele\u00a0 \u00a0 0:9 S\u00e4tze<\/p><p><\/p><p>Beim Qualifikationsspiel um den Einzug in die Hauptrunde konnte sich Felix Betge gegen Felix Duus durchsetzen. Danach nahm die Ko-Runde folgenden Verlauf:<\/p><p><span style=\"text-decoration: underline;\">Viertelfinale<\/span><br \/>Lasse Wachsmuth\u00a0 \u00a0 :\u00a0 \u00a0 \u00a0Jacob Betge\u00a0 \u00a0 \u00a0 \u00a0 \u00a0 3:0<br \/>Jaaron Bode\u00a0 \u00a0 \u00a0 \u00a0 \u00a0 \u00a0 \u00a0 :\u00a0 \u00a0 \u00a0Carlotta Witt\u00a0 \u00a0 \u00a0 \u00a0 \u00a03:2<br \/>Rune Pokriefke\u00a0 \u00a0 \u00a0 \u00a0 \u00a0:\u00a0 \u00a0 \u00a0Felix Betge\u00a0 \u00a0 \u00a0 \u00a0 \u00a0 \u00a0 0:3<br \/>Jannis Mai\u00a0 \u00a0 \u00a0 \u00a0 \u00a0 \u00a0 \u00a0 \u00a0 \u00a0 :\u00a0 \u00a0 \u00a0Nils Walther\u00a0 \u00a0 \u00a0 \u00a0 \u00a03:0<\/p><p><span style=\"text-decoration: underline;\">Halbfinale<\/span><br \/>Lasse Wachsmuth\u00a0 \u00a0 :\u00a0 \u00a0 \u00a0 Jaaron Bode\u00a0 \u00a0 \u00a0 \u00a0 3:0<br \/>Felix Betge\u00a0 \u00a0 \u00a0 \u00a0 \u00a0 \u00a0 \u00a0 \u00a0 \u00a0:\u00a0 \u00a0 \u00a0 Jannis Mai\u00a0 \u00a0 \u00a0 \u00a0 \u00a0 \u00a00:3<\/p><p><span style=\"text-decoration: underline;\">Finale<\/span><br \/><b>1. <\/b>Lasse Wachsmuth:\u00a0 \u00a0 \u00a0<b> 2. <\/b>Jannis Mai\u00a0 \u00a0 \u00a0 \u00a01:3<\/p><p><span style=\"text-decoration: underline;\">Spiel um Platz 3<\/span><br \/><b>3. <\/b>Jaaron Bode\u00a0 \u00a0 \u00a0 \u00a0 \u00a0 :\u00a0 \u00a0 \u00a0\u00a0<b>4.<\/b> Felix Betge\u00a0 \u00a0 \u00a0 \u00a03:1<\/p><p><\/p><p>Die Doppel wurden ausgelost und wie folgt gespielt:<\/p><p><u>Viertelfinale<\/u><br \/>Felix B. \/ Jasper\u00a0 \u00a0 \u00a0 \u00a0 \u00a0 \u00a0 \u00a0Freilos<br \/>Lasse \/ Rune\u00a0 \u00a0 \u00a0 \u00a0 \u00a0 :\u00a0 \u00a0 \u00a0 Carlotta \/ Lennox\u00a0 \u00a0 \u00a0 \u00a03:0\u00a0<br \/>Riyan \/Nils\u00a0 \u00a0 \u00a0 \u00a0 \u00a0 \u00a0 \u00a0 :\u00a0 \u00a0 \u00a0 Jaaron \/ Joshua\u00a0 \u00a0 \u00a0 \u00a0 \u00a0 \u00a03:1<br \/>Felix D \/ Jacob\u00a0 \u00a0 \u00a0 \u00a0 :\u00a0 \u00a0 \u00a0Jannis \/ Ben\u00a0 \u00a0 \u00a0 \u00a0 \u00a0 \u00a0 \u00a0 \u00a0 \u00a03:0<\/p><p><u>Halbfinale<\/u><br \/>Felix B \/ Jasper\u00a0 \u00a0 \u00a0 \u00a0:\u00a0 \u00a0 \u00a0Lasse \/ Rune\u00a0 \u00a0 \u00a0 \u00a0 \u00a0 \u00a0 \u00a0 \u00a0 1:3<br \/>Riyan \/ Nils\u00a0 \u00a0 \u00a0 \u00a0 \u00a0 \u00a0 \u00a0:\u00a0 \u00a0 \u00a0 Felix D \/ Jacob\u00a0 \u00a0 \u00a0 \u00a0 \u00a0 \u00a0 \u00a01:3<\/p><p><u>Finale<\/u><br \/><b>1. <\/b>Lasse \/ Rune\u00a0 \u00a0 \u00a0 :\u00a0 \u00a0 \u00a0 <b>2.<\/b> Felix D \/ Jacob\u00a0 \u00a0 \u00a0 \u00a0 \u00a0 3:1\u00a0<\/p><p><img decoding=\"async\" loading=\"lazy\" src=\"https:\/\/ttcpelaka.de\/wp-content\/uploads\/2023\/09\/VM-2023-Sieger-Jugend-300x225.jpg\" alt=\"\" width=\"300\" height=\"225\" class=\"alignnone size-medium wp-image-1998\" srcset=\"https:\/\/ttcpelaka.de\/wp-content\/uploads\/2023\/09\/VM-2023-Sieger-Jugend-300x225.jpg 300w, https:\/\/ttcpelaka.de\/wp-content\/uploads\/2023\/09\/VM-2023-Sieger-Jugend-1024x768.jpg 1024w, https:\/\/ttcpelaka.de\/wp-content\/uploads\/2023\/09\/VM-2023-Sieger-Jugend-768x576.jpg 768w, https:\/\/ttcpelaka.de\/wp-content\/uploads\/2023\/09\/VM-2023-Sieger-Jugend-1536x1152.jpg 1536w, https:\/\/ttcpelaka.de\/wp-content\/uploads\/2023\/09\/VM-2023-Sieger-Jugend-2048x1536.jpg 2048w\" sizes=\"(max-width: 300px) 100vw, 300px\" \/><\/p><p><\/p><p>Im Anschluss an den Jugendwettbewerb haben einige Teilnehmer noch die Herausforderung angenommen und am <b>Doppelwettbewerb der Herren\u00a0<\/b>teilgenommen. Nach dem Ausscheiden von Marc Lossie \/ Jasper Bode wurden folgende Doppel ausgetragen:<\/p><p><u>Halbfinale<\/u><br \/>Thomas B\u00fcschleb \/ Jaaron Bode\u00a0 \u00a0 \u00a0 \u00a0 :\u00a0 \u00a0Torsten Nickel \/ Jannis Mai\u00a0 \u00a0 \u00a0 \u00a0 \u00a0 \u00a0 \u00a0 \u00a0 \u00a0 \u00a0 1:3<br \/>Alexander Gaun \/ Lasse Wachsmuth :\u00a0 \u00a0Andreas Dernedde \/ Andreas Brzenk\u00a0 3:0<\/p><p><u>Finale<\/u><br \/>Alexander Gaun \/ Lasse Wachsmuth :\u00a0 \u00a0Jannis Mai \/ Torsten Nickel\u00a0 \u00a0 \u00a0 \u00a0 \u00a0 \u00a0 \u00a0 \u00a0 \u00a0 \u00a0 \u00a03:1<\/p><p><\/p><p>Der <b>Einzelwettbewerb der Erwachsenen <\/b>wurde mit 9 Teilnehmern in zwei Gruppen mit folgenden Ergebnissen gestartet:<\/p><p><u>Gruppe A<\/u><br \/>1.\u00a0 Thomas B\u00fcschleb\u00a0 \u00a0 \u00a0 \u00a0 \u00a0 \u00a0 \u00a03:0 Spiele\u00a0 \u00a0 9:0 S\u00e4tze<br \/>2.\u00a0 Marc Lossie\u00a0 \u00a0 \u00a0 \u00a0 \u00a0 \u00a0 \u00a0 \u00a0 \u00a0 \u00a0 \u00a0 \u00a02:1 Spiele\u00a0 \u00a0 6:4 S\u00e4tze<br \/>3.\u00a0 Andreas Brzenk\u00a0 \u00a0 \u00a0 \u00a0 \u00a0 \u00a0 \u00a0 \u00a0 1:2 Spiele\u00a0 \u00a0 4:7 S\u00e4tze<br \/>4.\u00a0 Marvin Heinig\u00a0 \u00a0 \u00a0 \u00a0 \u00a0 \u00a0 \u00a0 \u00a0 \u00a0 \u00a0 0:3 Spiele\u00a0 \u00a0 1:9 S\u00e4tze<\/p><p><u>Gruppe B<\/u><br \/>1.\u00a0 Alexander Gaun\u00a0 \u00a0 \u00a0 \u00a0 \u00a0 \u00a0 \u00a0 \u00a0 4:0 Spiele\u00a0 \u00a012:2 S\u00e4tze<br \/>2.\u00a0 Torsten Nickel\u00a0 \u00a0 \u00a0 \u00a0 \u00a0 \u00a0 \u00a0 \u00a0 \u00a0 \u00a03:1 Spiele\u00a0 \u00a0 11:3 S\u00e4tze<br \/>3.\u00a0 Henryk Pertko\u00a0 \u00a0 \u00a0 \u00a0 \u00a0 \u00a0 \u00a0 \u00a0 \u00a0 \u00a02:2 Spiele\u00a0 \u00a0 \u00a0 6:8 S\u00e4tze<br \/>4.\u00a0 Andreas Dernedde\u00a0 \u00a0 \u00a0 \u00a0 \u00a0 \u00a01:3 Spiele\u00a0 \u00a0 \u00a0 5:10 S\u00e4tze<br \/>5.\u00a0 Steeven Bode\u00a0 \u00a0 \u00a0 \u00a0 \u00a0 \u00a0 \u00a0 \u00a0 \u00a0 \u00a0 0:4 Spiele\u00a0 \u00a0 \u00a0 1:12 S\u00e4tze<\/p><p>In der anschlie\u00dfenden KO-Runde wurden folgende Ergebnisse erspielt:<\/p><p><u>Halbfinale<\/u><br \/>Alexander Gaun\u00a0 \u00a0 \u00a0 \u00a0 \u00a0 :\u00a0 \u00a0 \u00a0 \u00a0Marc Lossie\u00a0 \u00a0 \u00a0 \u00a0 \u00a0 \u00a03:1<br \/>Thomas B\u00fcschleb\u00a0 \u00a0 \u00a0 \u00a0:\u00a0 \u00a0 \u00a0 \u00a0Torsten Nickel\u00a0 \u00a0 \u00a0 \u00a01:3<\/p><p><u>Finale<\/u><br \/>Alexander Gaun\u00a0 \u00a0 \u00a0 \u00a0 \u00a0 :\u00a0 \u00a0 \u00a0 \u00a0Torsten Nickel\u00a0 \u00a0 \u00a0 \u00a0 3:1<\/p><p><\/p><p><img decoding=\"async\" loading=\"lazy\" src=\"https:\/\/ttcpelaka.de\/wp-content\/uploads\/2023\/09\/VM-2023-Teilnehmer-gesamt-2-1024x616.jpg\" alt=\"\" width=\"750\" height=\"451\" class=\"alignnone size-large wp-image-1999\" srcset=\"https:\/\/ttcpelaka.de\/wp-content\/uploads\/2023\/09\/VM-2023-Teilnehmer-gesamt-2-1024x616.jpg 1024w, https:\/\/ttcpelaka.de\/wp-content\/uploads\/2023\/09\/VM-2023-Teilnehmer-gesamt-2-300x180.jpg 300w, https:\/\/ttcpelaka.de\/wp-content\/uploads\/2023\/09\/VM-2023-Teilnehmer-gesamt-2-768x462.jpg 768w, https:\/\/ttcpelaka.de\/wp-content\/uploads\/2023\/09\/VM-2023-Teilnehmer-gesamt-2-1536x924.jpg 1536w, https:\/\/ttcpelaka.de\/wp-content\/uploads\/2023\/09\/VM-2023-Teilnehmer-gesamt-2-2048x1232.jpg 2048w\" sizes=\"(max-width: 750px) 100vw, 750px\" \/><\/p><p>Die Teilnehmer*innen der Vereinsmeisterschaft 2023 beim TTC Pe-La-Ka<\/p><\/div>\n\t\t\t\t<\/div>\n\t\t\t\t\t\t\t<div class=\"elementor-toggle-item\">\n\t\t\t\t\t<div id=\"elementor-tab-title-8782\" class=\"elementor-tab-title\" data-tab=\"2\" role=\"tab\" aria-controls=\"elementor-tab-content-8782\" aria-expanded=\"false\">\n\t\t\t\t\t\t\t\t\t\t\t\t<span class=\"elementor-toggle-icon elementor-toggle-icon-left\" aria-hidden=\"true\">\n\t\t\t\t\t\t\t\t\t\t\t\t\t\t\t<span class=\"elementor-toggle-icon-closed\"><i class=\"fas fa-caret-right\"><\/i><\/span>\n\t\t\t\t\t\t\t\t<span class=\"elementor-toggle-icon-opened\"><i class=\"elementor-toggle-icon-opened fas fa-caret-up\"><\/i><\/span>\n\t\t\t\t\t\t\t\t\t\t\t\t\t<\/span>\n\t\t\t\t\t\t\t\t\t\t\t\t<a href=\"\" class=\"elementor-toggle-title\">2022 - Jugend und Erwachsene<\/a>\n\t\t\t\t\t<\/div>\n\n\t\t\t\t\t<div id=\"elementor-tab-content-8782\" class=\"elementor-tab-content elementor-clearfix\" data-tab=\"2\" role=\"tabpanel\" aria-labelledby=\"elementor-tab-title-8782\"><p><img decoding=\"async\" loading=\"lazy\" src=\"https:\/\/ttcpelaka.de\/wp-content\/uploads\/2022\/09\/VM-2022-Jugend-300x225.jpg\" alt=\"\" width=\"300\" height=\"225\" class=\"alignnone size-medium wp-image-1414\" srcset=\"https:\/\/ttcpelaka.de\/wp-content\/uploads\/2022\/09\/VM-2022-Jugend-300x225.jpg 300w, https:\/\/ttcpelaka.de\/wp-content\/uploads\/2022\/09\/VM-2022-Jugend-1024x768.jpg 1024w, https:\/\/ttcpelaka.de\/wp-content\/uploads\/2022\/09\/VM-2022-Jugend-768x576.jpg 768w, https:\/\/ttcpelaka.de\/wp-content\/uploads\/2022\/09\/VM-2022-Jugend-1536x1152.jpg 1536w, https:\/\/ttcpelaka.de\/wp-content\/uploads\/2022\/09\/VM-2022-Jugend-2048x1536.jpg 2048w\" sizes=\"(max-width: 300px) 100vw, 300px\" \/><span><img decoding=\"async\" loading=\"lazy\" src=\"https:\/\/ttcpelaka.de\/wp-content\/uploads\/2022\/09\/VM-2022-Erwachsene-300x225.jpg\" alt=\"\" width=\"300\" height=\"225\" class=\"alignnone size-medium wp-image-1415\" srcset=\"https:\/\/ttcpelaka.de\/wp-content\/uploads\/2022\/09\/VM-2022-Erwachsene-300x225.jpg 300w, https:\/\/ttcpelaka.de\/wp-content\/uploads\/2022\/09\/VM-2022-Erwachsene-1024x768.jpg 1024w, https:\/\/ttcpelaka.de\/wp-content\/uploads\/2022\/09\/VM-2022-Erwachsene-768x576.jpg 768w, https:\/\/ttcpelaka.de\/wp-content\/uploads\/2022\/09\/VM-2022-Erwachsene-1536x1152.jpg 1536w, https:\/\/ttcpelaka.de\/wp-content\/uploads\/2022\/09\/VM-2022-Erwachsene-2048x1536.jpg 2048w\" sizes=\"(max-width: 300px) 100vw, 300px\" \/><\/span><\/p><p><span>Der TTC PeLaKa veranstaltete seine diesj\u00e4hrigen Vereinsmeisterschaften im Tischtennis. Bei den Erwachsenen wurde in zwei Gruppen jeder gegen jeden gespielt. Die Favoriten setzten sich durch. Im Halbfinale traf Christoph Klein in einem hart umk\u00e4mpften Spiel auf Torsten Nickel und siegte mit 3:1 S\u00e4tzen. Das zweite Halbfinale gewann Thomas B\u00fcschleb 3:0 gegen Reiner Schubert, dem man seinen Trainingsr\u00fcckstand ansah. In einem spannenden und hochklassigen Finale wurde\u00a0<b>Christoph Klein<\/b>\u00a0mit 3:2 S\u00e4tzen neuer Vereinsmeister. Im Doppelhalbfinale behielten Marvin Heinig\/Thomas B\u00fcschleb die Oberhand gegen\u00fcber Niklas Klose\/Reiner Schubert. Gl\u00fccklich im f\u00fcnften Satz setzten sich\u00a0<b>Henryk<\/b>\u00a0<b>Pertko\/Torsten Nickel<\/b>\u00a0gegen Andreas Dernedde\/Matthias Lange durch. Neue Titeltr\u00e4ger wurden mit 3:1 S\u00e4tzen Henryk Pertko und Torsten Nickel. Die Vereinsmeisterschaften der Jugend fand im Modus jeder gegen jeden statt. Ungeschlagen mit 5:0 Spielen war\u00a0<b>Lasse Wachsmuth<\/b>\u00a0erfolgreich, der lediglich gegen den drittplazierten Jaaron Bode in den f\u00fcnften Satz gehen musste. Vizemeisterin wurde mit 4:1 Spielen Tamara Lossie. Die Doppelpaarungen wurden gelost.<b>\u00a0Carlotta Witt mit Lasse Wachsmuth<\/b>\u00a0hei\u00dfen die neuen Vereinsmeister. Zweite wurden Jurian Richter und Tamara Lossie vor den Br\u00fcdern Jasper Bode\/Jaaron Bode. F\u00fcr die hervorragende Verpflegung aller Akteure zeichnete sich Familie Bode aus. Gerade der Schokoladenstreuselkuchen war bei den Kindern begehrt.<\/span><\/p><\/div>\n\t\t\t\t<\/div>\n\t\t\t\t\t\t\t<div class=\"elementor-toggle-item\">\n\t\t\t\t\t<div id=\"elementor-tab-title-8783\" class=\"elementor-tab-title\" data-tab=\"3\" role=\"tab\" aria-controls=\"elementor-tab-content-8783\" aria-expanded=\"false\">\n\t\t\t\t\t\t\t\t\t\t\t\t<span class=\"elementor-toggle-icon elementor-toggle-icon-left\" aria-hidden=\"true\">\n\t\t\t\t\t\t\t\t\t\t\t\t\t\t\t<span class=\"elementor-toggle-icon-closed\"><i class=\"fas fa-caret-right\"><\/i><\/span>\n\t\t\t\t\t\t\t\t<span class=\"elementor-toggle-icon-opened\"><i class=\"elementor-toggle-icon-opened fas fa-caret-up\"><\/i><\/span>\n\t\t\t\t\t\t\t\t\t\t\t\t\t<\/span>\n\t\t\t\t\t\t\t\t\t\t\t\t<a href=\"\" class=\"elementor-toggle-title\">2021 - Jugend und Erwachsene<\/a>\n\t\t\t\t\t<\/div>\n\n\t\t\t\t\t<div id=\"elementor-tab-content-8783\" class=\"elementor-tab-content elementor-clearfix\" data-tab=\"3\" role=\"tabpanel\" aria-labelledby=\"elementor-tab-title-8783\"><p><span>Die Vereinsmeisterschaften des TTC PeLaKa fanden in Vorbereitung auf die neue Saison am Samstag, den 27.08.2021 bei der Jugend und den Erwachsenen parallel statt. <\/span><\/p><p><span>Die Kinder durften zuerst ein Tischtennis- Sportabzeichen absolvieren. Dabei ging es um Kontrolle, Balance, eine Ziel\u00fcbung, Geschicklichkeit und Platzierung des Balles. Danach wurde es f\u00fcr die 6 Teilnehmer ernst, der Titel wurde im jeder-gegen-jeden Modus ausgetragen, 2 Gewinns\u00e4tze reichten f\u00fcr den Sieg. Einen richtigen Sahnetag erwischte Lasse Wachsmuth, der einen Favoriten nach dem anderen besiegte und am Ende mit 5:0 Spielen klar siegte. Mit jeweils 3:2 Siegen folgten Tamara Lossie (8:5 S\u00e4tze), Sophia Leditschke (7:5 S\u00e4tze) und Jaaron Bode (7:5 S\u00e4tze). Nach Ausz\u00e4hlung der Ballwechsel hatte Sophia die Nase vorn. F\u00fcnfter wurde Jurian Richter vor Amelie Schramm. Vereinsmeister Lasse Wachsmuth nahm stolz den Pokal entgegen.<\/span><\/p><p><img decoding=\"async\" loading=\"lazy\" src=\"https:\/\/ttcpelaka.de\/wp-content\/uploads\/2021\/08\/Sieger_Jugend-28.8.21-300x225.jpg\" alt=\"\" width=\"300\" height=\"225\" class=\"size-medium wp-image-1209 aligncenter\" srcset=\"https:\/\/ttcpelaka.de\/wp-content\/uploads\/2021\/08\/Sieger_Jugend-28.8.21-300x225.jpg 300w, https:\/\/ttcpelaka.de\/wp-content\/uploads\/2021\/08\/Sieger_Jugend-28.8.21-1024x768.jpg 1024w, https:\/\/ttcpelaka.de\/wp-content\/uploads\/2021\/08\/Sieger_Jugend-28.8.21-768x576.jpg 768w, https:\/\/ttcpelaka.de\/wp-content\/uploads\/2021\/08\/Sieger_Jugend-28.8.21-1536x1152.jpg 1536w, https:\/\/ttcpelaka.de\/wp-content\/uploads\/2021\/08\/Sieger_Jugend-28.8.21-2048x1536.jpg 2048w\" sizes=\"(max-width: 300px) 100vw, 300px\" \/><\/p><p><span> Der Doppeltitel ging knapp an Sophia Leditschke\/Tamara Lossie vor Jurian Richter\/Jaaron Bode. F\u00fcr alle Jugendlichen gab es dann noch jeweils ein Sport T-Shirt, gespendet vom aktuellen Bundesligaspieler Cedric Meissner, der seine ausgemusterten Hemden zu einem guten Zweck seinem alten Verein \u00fcberlie\u00df. <\/span><\/p><p><\/p><p><span>Bei den Erwachsenen nahmen 12 Herren teil, leider startete von den Frauen keine. Es wurden drei Gruppen gebildet. Die ersten Zwei der Gruppe , sowie die zwei Dritten kamen in die Ko-Runde. <\/span><\/p><p><span>Das Halbfinale war f\u00fcr Florian Tiller kein Problem gegen Thomas B\u00fcschleb um ins Finale zu ziehen. Das zweite Halbfinale zwischen Reiner Schubert und Titelverteidiger Christoph Klein war hart umk\u00e4mpft. Den f\u00fcnften Satz holte Schubert und zog ins Endspiel ein. Aber auch hier zeigte Landesligaspieler Florian Tiller seine \u00dcberlegenheit, ohne Satzverlust wird Florian Tiller Vereinsmeister 2021. <\/span><\/p><p><img decoding=\"async\" loading=\"lazy\" src=\"https:\/\/ttcpelaka.de\/wp-content\/uploads\/2021\/08\/Sieger_Florian-28.8.21-225x300.jpg\" alt=\"\" width=\"225\" height=\"300\" class=\"size-medium wp-image-1207 aligncenter\" srcset=\"https:\/\/ttcpelaka.de\/wp-content\/uploads\/2021\/08\/Sieger_Florian-28.8.21-225x300.jpg 225w, https:\/\/ttcpelaka.de\/wp-content\/uploads\/2021\/08\/Sieger_Florian-28.8.21-768x1024.jpg 768w, https:\/\/ttcpelaka.de\/wp-content\/uploads\/2021\/08\/Sieger_Florian-28.8.21-1152x1536.jpg 1152w, https:\/\/ttcpelaka.de\/wp-content\/uploads\/2021\/08\/Sieger_Florian-28.8.21-1536x2048.jpg 1536w, https:\/\/ttcpelaka.de\/wp-content\/uploads\/2021\/08\/Sieger_Florian-28.8.21-scaled.jpg 1920w\" sizes=\"(max-width: 225px) 100vw, 225px\" \/><\/p><p><span>Die Doppelpaarungen wurden ausgelost. Im Halbfinale setzten sich Henryk Pertko\/Florian Tiller gegen Thomas B\u00fcschleb\/Andreas Dernedde durch und mit 3:1 S\u00e4tzen zogen Steeven Bode\/Torsten Nickel ins Finale ein. Ein umk\u00e4mpftes Endspiel endete mit den Vereinsmeistern im Doppel Henryk Pertko und Florian Tiller.\u00a0<\/span><\/p><\/div>\n\t\t\t\t<\/div>\n\t\t\t\t\t\t\t<div class=\"elementor-toggle-item\">\n\t\t\t\t\t<div id=\"elementor-tab-title-8784\" class=\"elementor-tab-title\" data-tab=\"4\" role=\"tab\" aria-controls=\"elementor-tab-content-8784\" aria-expanded=\"false\">\n\t\t\t\t\t\t\t\t\t\t\t\t<span class=\"elementor-toggle-icon elementor-toggle-icon-left\" aria-hidden=\"true\">\n\t\t\t\t\t\t\t\t\t\t\t\t\t\t\t<span class=\"elementor-toggle-icon-closed\"><i class=\"fas fa-caret-right\"><\/i><\/span>\n\t\t\t\t\t\t\t\t<span class=\"elementor-toggle-icon-opened\"><i class=\"elementor-toggle-icon-opened fas fa-caret-up\"><\/i><\/span>\n\t\t\t\t\t\t\t\t\t\t\t\t\t<\/span>\n\t\t\t\t\t\t\t\t\t\t\t\t<a href=\"\" class=\"elementor-toggle-title\">2019 - Erwachsene<\/a>\n\t\t\t\t\t<\/div>\n\n\t\t\t\t\t<div id=\"elementor-tab-content-8784\" class=\"elementor-tab-content elementor-clearfix\" data-tab=\"4\" role=\"tabpanel\" aria-labelledby=\"elementor-tab-title-8784\"><p><strong>Christoph Klein ist neuer Vereinsmeister<\/strong><\/p><p><span>Am Wochenende spielte der TTC PeLaKa seine Vereinsmeisterschaften im Einzel und Doppel aus. 13 Teilnehmer hatten sich eingefunden um einen w\u00fcrdigen Nachfolger f\u00fcr Florian Tiller zu finden. Es wurde in drei Gruppen gespielt, wobei immer ein Spieler gesetzt wurde. Qualifizieren f\u00fcr die Hauptrunde konnten sich die beiden Ersten, sowie zwei Gruppendritte. Sandra Walln\u00f6fer-B\u00fcschleb gelang in ihrer Gruppe die kleine Sensation und konnte durch ihren Sieg \u00fcber Matthias Lange die Ko-Runde erreichen. Die Viertelfinals waren bis auf einen knappen 3:2 Chris Langkabels gegen Lange eine klare Angelegenheit. Die Spiele Torsten Nickel gegen Walln\u00f6fer-B\u00fcschleb, Christoph Klein \u2013 Jan Lossie und Thomas B\u00fcschleb \u2013 Detlef Fromme gingen alle mit 3:0 S\u00e4tzen aus. In den Halbfinals setzten sich Langkabel, 3:0 gegen Nickel, und Klein, 3:0 gegen B\u00fcschleb, deutlich durch. In einem \u00fcberaus ansprechenden Finale besiegte Christoph Klein mit 11:7 im f\u00fcnften Satz seinen Mannschaftskameraden Langkabel. Die gelosten Doppel wurden im Ko-System ausgespielt. Jeweils mit 3:2 S\u00e4tzen setzten sich Fabian Wachsmuth\/Torsten Nickel gegen Jan Lossie\/Detlef Fromme und Andreas Dernedde\/Thomas B\u00fcschleb gegen Henryk Pertko\/Christoph Klein im Halbfinale durch. Das Endspiel war an Spannung kaum zu \u00fcberbieten. Nach 2:2 Satzausgleich musste der F\u00fcnfte entscheiden. Am Ende entschied ein Qu\u00e4ntchen mehr Gl\u00fcck zu Gunsten der neuen Doppelvereinmeister Andreas Dernedde und Thomas B\u00fcschleb.<\/span><\/p><\/div>\n\t\t\t\t<\/div>\n\t\t\t\t\t\t\t<div class=\"elementor-toggle-item\">\n\t\t\t\t\t<div id=\"elementor-tab-title-8785\" class=\"elementor-tab-title\" data-tab=\"5\" role=\"tab\" aria-controls=\"elementor-tab-content-8785\" aria-expanded=\"false\">\n\t\t\t\t\t\t\t\t\t\t\t\t<span class=\"elementor-toggle-icon elementor-toggle-icon-left\" aria-hidden=\"true\">\n\t\t\t\t\t\t\t\t\t\t\t\t\t\t\t<span class=\"elementor-toggle-icon-closed\"><i class=\"fas fa-caret-right\"><\/i><\/span>\n\t\t\t\t\t\t\t\t<span class=\"elementor-toggle-icon-opened\"><i class=\"elementor-toggle-icon-opened fas fa-caret-up\"><\/i><\/span>\n\t\t\t\t\t\t\t\t\t\t\t\t\t<\/span>\n\t\t\t\t\t\t\t\t\t\t\t\t<a href=\"\" class=\"elementor-toggle-title\">2019 - Jugend<\/a>\n\t\t\t\t\t<\/div>\n\n\t\t\t\t\t<div id=\"elementor-tab-content-8785\" class=\"elementor-tab-content elementor-clearfix\" data-tab=\"5\" role=\"tabpanel\" aria-labelledby=\"elementor-tab-title-8785\"><p><strong>Vereinsmeisterschaft bilden den Abschluss einer langen Turnierreihe der Jugendabteilung\u00a0<\/strong><\/p><p>Die Jugendabteilung des TTC Pe-La-Ka hat neben ihren Mannschaftswettk\u00e4mpfen in der 2. Jugendkreisklasse an zahlreichen Turnieren teilgenommen.<\/p><p>Den Auftakt bildete e<span>in Ortsentscheid der mini-Meisterschaften der im September 2018 mit 7 Teilnehmern in Lasfelde ausgetragen wurde. Maximilian Kr\u00fcgener, Nils Walter und Tamara Lossie konnten in ihrer jeweiligen Altersklasse gewinnen. Im Regionsentscheid im M\u00e4rz 2019 in Bovenden erreichten Maximilian und Tamara jeweils den 2. Platz. Tamara war damit f\u00fcr den Bezirksentscheid im April in R\u00fcningen qualifiziert und hat diesen gewonnen. Beim abschlie\u00dfenden Landeswettbewerb konnte sie in ihrer 4-er Gruppe noch eine Spielerin hinter sich lassen.<\/span><\/p><p>Bei den Regionsmeisterschaften in Geismar hat Lena Krieghoff den 2. Platz und Sophia Leditschke den 3. Platz bei den Sch\u00fclerinnen A erreicht. An den Stadtmeisterschaften Herzberg im M\u00e4rz diesen Jahres war der TTC mit 5\u00a0Jugendlichen vertreten.<\/p><p>Den Abschluss Saison bildeten jetzt die Vereinsmeisterschaften mit 6 Teilnehmern. Gespielt wurde im System &#8222;jeder gegen jeden&#8220;. Klarer Sieger war Daniel S\u00f6hl, der im gesamten Wettbewerb keinen Satz abgegeben hat. Der zweite Platz war hart umk\u00e4mpft: Sophia Leditschke unterlag im ersten Satz gegen Vlado Nikolic 9:11 und konnte den zweiten mit 11:9 nur knapp f\u00fcr sich entscheiden. Dann zeigte sie aber ihre l\u00e4ngere Erfahrung und setzte sich 11:4 und 11:8 souver\u00e4n durch. Damit erreicht Sophia Platz 2 vor Vlado (Platz 3). Diesem war Tamara Lossie dicht auf den Fersen. Das Spiel Vlado &#8211; Tamara z\u00e4hlt mit 11:8, 14:12, 12:14 und 13:11 zu den engsten Entscheidungen des Tages. Letztlich landet Tamara auf Platz 4. Auch das Spiel zwischen Jaaron Bode (5.) und Fynn Hillebrecht (6.) war alles andere als eindeutig. Beide Spieler erk\u00e4mpften sich Punkt um Punkt. Letztlich kann sich Jaaron mit 11:6, 10:12, 14:12 und 11:8 knapp durchsetzen.<\/p><p>In der Doppelkonkurrenz war Daniel mit Tamara (1. Platz) vor Sophia und Fynn (2.) sowie Jaaron und Vlado (3.) erfolgreich.<\/p><p><img decoding=\"async\" loading=\"lazy\" src=\"http:\/\/neu.ttcpelaka.de\/wp-content\/uploads\/2019\/10\/VM_2019_Jugend-1024x768.jpg\" alt=\"\" width=\"750\" height=\"563\" class=\"aligncenter wp-image-409 size-large\" srcset=\"https:\/\/ttcpelaka.de\/wp-content\/uploads\/2019\/10\/VM_2019_Jugend-1024x768.jpg 1024w, https:\/\/ttcpelaka.de\/wp-content\/uploads\/2019\/10\/VM_2019_Jugend-300x225.jpg 300w, https:\/\/ttcpelaka.de\/wp-content\/uploads\/2019\/10\/VM_2019_Jugend-768x576.jpg 768w\" sizes=\"(max-width: 750px) 100vw, 750px\" \/><\/p><\/div>\n\t\t\t\t<\/div>\n\t\t\t\t\t\t\t<div class=\"elementor-toggle-item\">\n\t\t\t\t\t<div id=\"elementor-tab-title-8786\" class=\"elementor-tab-title\" data-tab=\"6\" role=\"tab\" aria-controls=\"elementor-tab-content-8786\" aria-expanded=\"false\">\n\t\t\t\t\t\t\t\t\t\t\t\t<span class=\"elementor-toggle-icon elementor-toggle-icon-left\" aria-hidden=\"true\">\n\t\t\t\t\t\t\t\t\t\t\t\t\t\t\t<span class=\"elementor-toggle-icon-closed\"><i class=\"fas fa-caret-right\"><\/i><\/span>\n\t\t\t\t\t\t\t\t<span class=\"elementor-toggle-icon-opened\"><i class=\"elementor-toggle-icon-opened fas fa-caret-up\"><\/i><\/span>\n\t\t\t\t\t\t\t\t\t\t\t\t\t<\/span>\n\t\t\t\t\t\t\t\t\t\t\t\t<a href=\"\" class=\"elementor-toggle-title\">2018 - Erwachsene<\/a>\n\t\t\t\t\t<\/div>\n\n\t\t\t\t\t<div id=\"elementor-tab-content-8786\" class=\"elementor-tab-content elementor-clearfix\" data-tab=\"6\" role=\"tabpanel\" aria-labelledby=\"elementor-tab-title-8786\"><p><span><strong>Florian Tiller gelingt die Titelverteidigung<br \/><\/strong><\/span><br \/>Lasfelde, 25.08.2018. Bei den Vereinsmeisterschaften 2018 des TTC Pe-La-Ka konnte Vorsitzender Detlef Fromme 14 Teilnehmer in der Lasfelder Sporthalle begr\u00fc\u00dfen, die das vereinsinterne Turnier auch f\u00fcr einen ersten Test unter Wettkampfbedingungen f\u00fcr die neue Saison nutzen wollten. Bei Kaffee und Kuchen gab es hochklassige Begegnungen.\u00a0<\/p><p>Die\u00a0<strong>Doppelpaarungen<\/strong>\u00a0wurden, entsprechend der bew\u00e4hrten Praxis beim TTC, durch Los gebildet. Nachdem sie Viertel- und Halbfinale jeweils f\u00fcr sich entschieden haben, trafen Timo Kunzendorff und Matthias Lange im Finale auf Chris Langkabel und Sven Schumann. In einem spannenden Endspiel konnten sich Langkabel \/ Schumann im f\u00fcnften Satz den Titel des Vereinsmeisters im Doppel sichern.\u00a0<\/p><p><span>F\u00fcr die\u00a0<strong>Einzelwettbewerbe<\/strong>\u00a0wurden zun\u00e4chst drei Gruppen (zwei 5-er und eine 4-er Gruppe) gebildet. Daraus qualifizierten sich Florian Tiller, Torsten Nickel, Thomas B\u00fcschleb, Chris Langkabel, Klaus Friedmann, Reiner Schubert, Timo Kunzendorff und Maximilian Bauer f\u00fcr die Endrunde. Im Viertelfinale setzten sich Tiller, Schubert, Kunzendorff und Bauer durch.\u00a0<\/span><\/p><p><span>Im\u00a0<strong>Halbfinale<\/strong>\u00a0gab es zwei hochklassige und spannende Begegnungen. Im ersten Halbfinale konnte sich Florian Tiller mit 3:2 S\u00e4tzen knapp gegen Reiner Schubert durchsetzen. Das zweite Halbfinale zwischen Timo Kunzendorff und Maximilian Bauer bot hochklassige Ballwechsel. Nach einer 2:0 Satzf\u00fchrung von Bauer konnte sich Kunzendorff ins Spiel zur\u00fcck k\u00e4mpfen und siegte schlie\u00dflich im f\u00fcnften Satz.<\/span><\/p><p><span>Das\u00a0<strong>Finale<\/strong>\u00a0zwischen Florian Tiller gegen Timo Kunzendorff war dann eine relativ klare Angelegenheit. Florian Tiller ging aus dem Endspiel als erneuter Vereinsmeister (3:0) hervor.\u00a0<\/span><\/p><\/div>\n\t\t\t\t<\/div>\n\t\t\t\t\t\t\t<div class=\"elementor-toggle-item\">\n\t\t\t\t\t<div id=\"elementor-tab-title-8787\" class=\"elementor-tab-title\" data-tab=\"7\" role=\"tab\" aria-controls=\"elementor-tab-content-8787\" aria-expanded=\"false\">\n\t\t\t\t\t\t\t\t\t\t\t\t<span class=\"elementor-toggle-icon elementor-toggle-icon-left\" aria-hidden=\"true\">\n\t\t\t\t\t\t\t\t\t\t\t\t\t\t\t<span class=\"elementor-toggle-icon-closed\"><i class=\"fas fa-caret-right\"><\/i><\/span>\n\t\t\t\t\t\t\t\t<span class=\"elementor-toggle-icon-opened\"><i class=\"elementor-toggle-icon-opened fas fa-caret-up\"><\/i><\/span>\n\t\t\t\t\t\t\t\t\t\t\t\t\t<\/span>\n\t\t\t\t\t\t\t\t\t\t\t\t<a href=\"\" class=\"elementor-toggle-title\">2018 - Jugend<\/a>\n\t\t\t\t\t<\/div>\n\n\t\t\t\t\t<div id=\"elementor-tab-content-8787\" class=\"elementor-tab-content elementor-clearfix\" data-tab=\"7\" role=\"tabpanel\" aria-labelledby=\"elementor-tab-title-8787\"><p><strong>Vereinsmeisterschaft und TT-Sportabzeichen in einer Veranstaltung<\/strong><\/p><p>Die Jugendspieler des TTC Pe-La-Ka tragen ihre Vereinsmeisterschaften traditionell im Anschluss an die Punktspielsaison aus.\u00a0<\/p><p>Nach einigen kurzfristigen Absagen blieb die Teilnehmerzahl der &#8222;offiziellen&#8220; Vereinsmeisterschaft mit 6 Startern etwas hinter den Erwartungen der Betreuer zur\u00fcck. Daf\u00fcr zeigten die Teilnehmenden unter den Augen der Betreuer und einiger anwesender Eltern gute Leistungen. Die Einzel wurden im Modus &#8222;Jeder gegen Jeden&#8220; gespielt. Dabei konnte sich Marco Schirmer mit 5:0 Spielen ohne Satzverlust behaupten und die Vereinsmeisterschaft 2018 gewinnen. Auf den weiteren R\u00e4ngen folgen Erik Killig (4:1 Spiele), Robin Dernedde (3:2 Spiele), Mohammad Djan-Mohammad (1:4) und Wiedereinsteiger Frederick Hillebrecht.\u00a0<\/p><p><span>Die drei Doppelpaarungen wurden, wie \u00fcblich, durch Los bestimmt. Hier konnte sich Marco mit Unterst\u00fctzung von Mohammad ebenfalls den 1. Platz erspielen. Auf Rang 2 folgte Erik mit seinem Doppelpartner vor Robin und Frederick (Platz 3).<\/span><\/p><p><span>Parallel zu den Vereinsmeisterschaften legen weitere 6 Teilnehmer aus der neuen Anf\u00e4ngergruppe des TTC Pe-La-Ka das TTC Sportabzeichen (nach Muster des DTTB) ab. Vlado, Matti, Fynn, Dana, Nils und Jonas bewiesen viel Geschicklichkeit bei den Balance-, Kontroll- un Ziel\u00fcbungen. Vielleicht k\u00f6nnen wir sie im n\u00e4chsten Jahr als Teilnehmer bei den &#8222;richtigen&#8220; Vereinsmeisterschaften begr\u00fc\u00dfen.<\/span><\/p><p><img decoding=\"async\" loading=\"lazy\" src=\"http:\/\/neu.ttcpelaka.de\/wp-content\/uploads\/2019\/10\/VM_2018_Jugend-1024x768.jpg\" alt=\"\" width=\"750\" height=\"563\" class=\"wp-image-408 size-large aligncenter\" srcset=\"https:\/\/ttcpelaka.de\/wp-content\/uploads\/2019\/10\/VM_2018_Jugend-1024x768.jpg 1024w, https:\/\/ttcpelaka.de\/wp-content\/uploads\/2019\/10\/VM_2018_Jugend-300x225.jpg 300w, https:\/\/ttcpelaka.de\/wp-content\/uploads\/2019\/10\/VM_2018_Jugend-768x576.jpg 768w\" sizes=\"(max-width: 750px) 100vw, 750px\" \/><\/p><\/div>\n\t\t\t\t<\/div>\n\t\t\t\t\t\t\t<div class=\"elementor-toggle-item\">\n\t\t\t\t\t<div id=\"elementor-tab-title-8788\" class=\"elementor-tab-title\" data-tab=\"8\" role=\"tab\" aria-controls=\"elementor-tab-content-8788\" aria-expanded=\"false\">\n\t\t\t\t\t\t\t\t\t\t\t\t<span class=\"elementor-toggle-icon elementor-toggle-icon-left\" aria-hidden=\"true\">\n\t\t\t\t\t\t\t\t\t\t\t\t\t\t\t<span class=\"elementor-toggle-icon-closed\"><i class=\"fas fa-caret-right\"><\/i><\/span>\n\t\t\t\t\t\t\t\t<span class=\"elementor-toggle-icon-opened\"><i class=\"elementor-toggle-icon-opened fas fa-caret-up\"><\/i><\/span>\n\t\t\t\t\t\t\t\t\t\t\t\t\t<\/span>\n\t\t\t\t\t\t\t\t\t\t\t\t<a href=\"\" class=\"elementor-toggle-title\">2017 - Erwachsene<\/a>\n\t\t\t\t\t<\/div>\n\n\t\t\t\t\t<div id=\"elementor-tab-content-8788\" class=\"elementor-tab-content elementor-clearfix\" data-tab=\"8\" role=\"tabpanel\" aria-labelledby=\"elementor-tab-title-8788\"><p>Ergebnisse der Vereinsmeisterschaften 2017:<\/p><p>Platz 1:\u00a0 \u00a0 \u00a0 Florian Tiller<br \/>Platz 2:\u00a0 \u00a0 \u00a0 Maximilian Bauer<br \/>Platz 3:\u00a0 \u00a0 \u00a0 Matthias Lange<br \/>\u00a0 \u00a0 \u00a0 \u00a0 \u00a0 \u00a0 \u00a0 \u00a0 \u00a0 \u00a0Daniel Reinhart<\/p><p>Doppel 1:\u00a0 Chris Langkabel \/ Matthias Lange<br \/>Doppel 2:\u00a0 Karl-Heinz Regenhardt \/ Torsten Nickel<\/p><p><img decoding=\"async\" loading=\"lazy\" src=\"http:\/\/neu.ttcpelaka.de\/wp-content\/uploads\/2019\/10\/VM_2017_Erwachsene-1024x768.jpg\" alt=\"\" width=\"750\" height=\"563\" class=\"aligncenter wp-image-406 size-large\" srcset=\"https:\/\/ttcpelaka.de\/wp-content\/uploads\/2019\/10\/VM_2017_Erwachsene-1024x768.jpg 1024w, https:\/\/ttcpelaka.de\/wp-content\/uploads\/2019\/10\/VM_2017_Erwachsene-300x225.jpg 300w, https:\/\/ttcpelaka.de\/wp-content\/uploads\/2019\/10\/VM_2017_Erwachsene-768x576.jpg 768w, https:\/\/ttcpelaka.de\/wp-content\/uploads\/2019\/10\/VM_2017_Erwachsene.jpg 1600w\" sizes=\"(max-width: 750px) 100vw, 750px\" \/><\/p><\/div>\n\t\t\t\t<\/div>\n\t\t\t\t\t\t\t<div class=\"elementor-toggle-item\">\n\t\t\t\t\t<div id=\"elementor-tab-title-8789\" class=\"elementor-tab-title\" data-tab=\"9\" role=\"tab\" aria-controls=\"elementor-tab-content-8789\" aria-expanded=\"false\">\n\t\t\t\t\t\t\t\t\t\t\t\t<span class=\"elementor-toggle-icon elementor-toggle-icon-left\" aria-hidden=\"true\">\n\t\t\t\t\t\t\t\t\t\t\t\t\t\t\t<span class=\"elementor-toggle-icon-closed\"><i class=\"fas fa-caret-right\"><\/i><\/span>\n\t\t\t\t\t\t\t\t<span class=\"elementor-toggle-icon-opened\"><i class=\"elementor-toggle-icon-opened fas fa-caret-up\"><\/i><\/span>\n\t\t\t\t\t\t\t\t\t\t\t\t\t<\/span>\n\t\t\t\t\t\t\t\t\t\t\t\t<a href=\"\" class=\"elementor-toggle-title\">2017 - Jugend<\/a>\n\t\t\t\t\t<\/div>\n\n\t\t\t\t\t<div id=\"elementor-tab-content-8789\" class=\"elementor-tab-content elementor-clearfix\" data-tab=\"9\" role=\"tabpanel\" aria-labelledby=\"elementor-tab-title-8789\"><h4><span><strong>Erik Killig wird Vereinsmeister &#8211; Jugend-\u00a02017\u00a0<\/strong><\/span><\/h4><p>Hoch erfreut \u00fcber die gute Beteiligung an den Vereinsmeisterschaften \u2013 Jugend \u2013 2017 zeigten sich die Trainer und Betreuer des TTC Pe-La-Ka. Mit zw\u00f6lf Teilnehmerinnen und Teilnehmern war die Nachwuchsabteilung am Freitag, 5. Mai, fast vollst\u00e4ndig in der Lasfelder Turnhalle angetreten. Um dem Leistungs- und Erfahrungsstand der Aktiven Rechnung zu tragen, wurde in zwei Klassen gespielt und getrennt gewertet.<\/p><p>In der Gruppe A blieb Erik Killig ohne Niederlage (6:0) und gewann die diesj\u00e4hrige Vereinsmeisterschaft. Marcel Hogreve (5:1) und Stefanie Gr\u00fchl (4:2) folgten auf den Pl\u00e4tzen 2 und 3. Die weiteren R\u00e4nge belegten Dustin Armbrecht (3:3), Enrico Sperling (1:5) und Mohammad Djan Mohammad. F\u00fcr Mohammad war es die erste Turnierteilnahme \u00fcberhaupt. Entsprechendes gilt f\u00fcr Leon Waal, der sich aber auf Anhieb mit 4:0 in der Gruppe B durchsetzen und dort den 1. Platz belegen konnte. Auf Platz 2 folgt Sophia Leditschke (2:2, 7:7 S\u00e4tze), die nur aufgrund des besseren Satzverh\u00e4ltnisses Lena Krieghoff (2:2, 6:8 S\u00e4tze) auf den 3. Rang verweisen konnte. Merle Macke und Gioia Caputo gewannen jeweils 1 Spiel (1:3). \u00a0Unter den aufmerksamen Augen der anwesenden Eltern und Geschwister k\u00e4mpften die Spielerinnen und Spieler um jeden Ball und jeden Punkt. Am Ende lagen zwischen Sieger und Verlierer eines Satzes oft nur zwei Punkte. Im Spiel Merle \u2013 Lena w\u00e4re angesichts der Satzergebnisse von 9:11, 11:9, 10:12 und 9:11 ein \u201eUnentschieden\u201c gerecht; dieses ist nach Tischtennisregeln aber nicht m\u00f6glich. Fast zu einem Krimi gestaltete sich das Spiel von Enrico gegen Mohammad in der Gruppe A. Mit 8:11 und 10:12 konnte Mohammad die beiden ersten S\u00e4tze f\u00fcr sich entscheiden, bevor Enrico seine Punktspielerfahrung nutzen und mit 11:8 und 11:5 \u00a0den Entscheidungssatz erzwingen konnte. Am Ende konnte sich Enrico 14:12 denkbar knapp durchsetzen.<\/p><p>Einer langj\u00e4hrigen Tradition folgend werden die Paarungen f\u00fcr den Doppelwettbewerb beim TTC Pe-La-Ka aus jeweils einem st\u00e4rkeren und einem schw\u00e4cheren Teilnehmer durch Los bestimmt. Hier bewiesen die erfahrenen Spieler ein hohes Ma\u00df sozialer Kompetenzen und unterst\u00fctzen die Anf\u00e4nger\/innen nach Kr\u00e4ften. Der im K.O-Verfahren ausgetragene Wettbewerb ergab folgende Platzierungen:<br \/>1. \u00a0Erik Killig und Leon Waal<br \/>2. \u00a0Enrico Sperling mit seinem Doppelpartner<br \/>3. \u00a0Sophia Leditschke und Mohammad Djan Mohammad<br \/>4. \u00a0Lena Krieghoff und Dustin Armbrecht<br \/>5. \u00a0Merle Macke und Marcel Hogreve<\/p><p>Nachdem die Urkunden durch den 2. Vorsitzenden Andreas Dernedde und Betreuerin Nina St\u00f6vesand ausgeh\u00e4ndigt waren wurden die jungen Sportlerinnen und Sportler verabschiedet.\u00a0<\/p><p><img decoding=\"async\" loading=\"lazy\" src=\"http:\/\/neu.ttcpelaka.de\/wp-content\/uploads\/2019\/10\/VM_2017_Jugend-1024x768.jpg\" alt=\"\" width=\"750\" height=\"563\" class=\"aligncenter wp-image-407 size-large\" srcset=\"https:\/\/ttcpelaka.de\/wp-content\/uploads\/2019\/10\/VM_2017_Jugend-1024x768.jpg 1024w, https:\/\/ttcpelaka.de\/wp-content\/uploads\/2019\/10\/VM_2017_Jugend-300x225.jpg 300w, https:\/\/ttcpelaka.de\/wp-content\/uploads\/2019\/10\/VM_2017_Jugend-768x576.jpg 768w, https:\/\/ttcpelaka.de\/wp-content\/uploads\/2019\/10\/VM_2017_Jugend.jpg 1600w\" sizes=\"(max-width: 750px) 100vw, 750px\" \/><\/p><\/div>\n\t\t\t\t<\/div>\n\t\t\t\t\t\t\t<div class=\"elementor-toggle-item\">\n\t\t\t\t\t<div id=\"elementor-tab-title-87810\" class=\"elementor-tab-title\" data-tab=\"10\" role=\"tab\" aria-controls=\"elementor-tab-content-87810\" aria-expanded=\"false\">\n\t\t\t\t\t\t\t\t\t\t\t\t<span class=\"elementor-toggle-icon elementor-toggle-icon-left\" aria-hidden=\"true\">\n\t\t\t\t\t\t\t\t\t\t\t\t\t\t\t<span class=\"elementor-toggle-icon-closed\"><i class=\"fas fa-caret-right\"><\/i><\/span>\n\t\t\t\t\t\t\t\t<span class=\"elementor-toggle-icon-opened\"><i class=\"elementor-toggle-icon-opened fas fa-caret-up\"><\/i><\/span>\n\t\t\t\t\t\t\t\t\t\t\t\t\t<\/span>\n\t\t\t\t\t\t\t\t\t\t\t\t<a href=\"\" class=\"elementor-toggle-title\">2016 - Erwachsene<\/a>\n\t\t\t\t\t<\/div>\n\n\t\t\t\t\t<div id=\"elementor-tab-content-87810\" class=\"elementor-tab-content elementor-clearfix\" data-tab=\"10\" role=\"tabpanel\" aria-labelledby=\"elementor-tab-title-87810\"><p>Ergebnisse der Vereinsmeisterschaft 2016:<\/p><p>Platz 1:\u00a0 \u00a0 Florian Tiller<br \/>Platz 2:\u00a0 \u00a0 Sven Schumann<br \/>Platz 3:\u00a0 \u00a0 Chris Langkabel<br \/>\u00a0 \u00a0 \u00a0 \u00a0 \u00a0 \u00a0 \u00a0 \u00a0 \u00a0Klaus Friedmann<\/p><\/div>\n\t\t\t\t<\/div>\n\t\t\t\t\t\t\t<div class=\"elementor-toggle-item\">\n\t\t\t\t\t<div id=\"elementor-tab-title-87811\" class=\"elementor-tab-title\" data-tab=\"11\" role=\"tab\" aria-controls=\"elementor-tab-content-87811\" aria-expanded=\"false\">\n\t\t\t\t\t\t\t\t\t\t\t\t<span class=\"elementor-toggle-icon elementor-toggle-icon-left\" aria-hidden=\"true\">\n\t\t\t\t\t\t\t\t\t\t\t\t\t\t\t<span class=\"elementor-toggle-icon-closed\"><i class=\"fas fa-caret-right\"><\/i><\/span>\n\t\t\t\t\t\t\t\t<span class=\"elementor-toggle-icon-opened\"><i class=\"elementor-toggle-icon-opened fas fa-caret-up\"><\/i><\/span>\n\t\t\t\t\t\t\t\t\t\t\t\t\t<\/span>\n\t\t\t\t\t\t\t\t\t\t\t\t<a href=\"\" class=\"elementor-toggle-title\">2016 - Jugend<\/a>\n\t\t\t\t\t<\/div>\n\n\t\t\t\t\t<div id=\"elementor-tab-content-87811\" class=\"elementor-tab-content elementor-clearfix\" data-tab=\"11\" role=\"tabpanel\" aria-labelledby=\"elementor-tab-title-87811\"><h4><span><strong>Marco Schirmer wird\u00a0Jugend-Vereinsmeister 2016\u00a0<\/strong><\/span><\/h4><p><span>Insgesamt 9 M\u00e4dchen und Jungen haben an den Vereinsmeisterschaften 2016 teilgenommen. F\u00fcr den Einzelwettbewerb wurden zun\u00e4chst zwei Gruppen gebildet, die &#8222;jeder gegen jeden&#8220; um den Einzug in die Endspiele gek\u00e4mpft haben. Dabei wurden die Favoriten den in sie gesetzten Erwartungen grunds\u00e4tzlich gerecht &#8211; es gab aber auch \u00dcberraschungen. Auch wenn die Spieler aus der Anf\u00e4ngergruppe gegen die mit Mannschaftserfahrungen im Ergebnis nicht gewinnen konnten, zeigten sie doch sehr sch\u00f6ne Ballwechsel.<\/span><\/p><p><span>Im Anschluss an die Gruppenspiele haben die Zweitplatzierten um den 3. Platz gespielt: Dustin Armbrecht &#8211; Marcel Hogreve\u00a0 \u00a03:2.<\/span><\/p><p>Im Endspiel standen sich Marco Schirmer und Luca H\u00fchne gegen\u00fcber; Marco konnte sich mit 3:2 knapp durchsetzen.\u00a0<\/p><p>Im Endspiel der Doppelkonkurrenz konnten Marco Schirmer \/ Julien LIndeman gegen Merle Macke \/ Marcel Hogreve durchsetzen.\u00a0<\/p><p><span><img decoding=\"async\" loading=\"lazy\" src=\"http:\/\/neu.ttcpelaka.de\/wp-content\/uploads\/2019\/10\/VM_2016_Jugend-1024x768.jpg\" alt=\"\" width=\"750\" height=\"563\" class=\"aligncenter wp-image-405 size-large\" srcset=\"https:\/\/ttcpelaka.de\/wp-content\/uploads\/2019\/10\/VM_2016_Jugend-1024x768.jpg 1024w, https:\/\/ttcpelaka.de\/wp-content\/uploads\/2019\/10\/VM_2016_Jugend-300x225.jpg 300w, https:\/\/ttcpelaka.de\/wp-content\/uploads\/2019\/10\/VM_2016_Jugend-768x576.jpg 768w\" sizes=\"(max-width: 750px) 100vw, 750px\" \/><\/span><\/p><\/div>\n\t\t\t\t<\/div>\n\t\t\t\t\t\t\t<div class=\"elementor-toggle-item\">\n\t\t\t\t\t<div id=\"elementor-tab-title-87812\" class=\"elementor-tab-title\" data-tab=\"12\" role=\"tab\" aria-controls=\"elementor-tab-content-87812\" aria-expanded=\"false\">\n\t\t\t\t\t\t\t\t\t\t\t\t<span class=\"elementor-toggle-icon elementor-toggle-icon-left\" aria-hidden=\"true\">\n\t\t\t\t\t\t\t\t\t\t\t\t\t\t\t<span class=\"elementor-toggle-icon-closed\"><i class=\"fas fa-caret-right\"><\/i><\/span>\n\t\t\t\t\t\t\t\t<span class=\"elementor-toggle-icon-opened\"><i class=\"elementor-toggle-icon-opened fas fa-caret-up\"><\/i><\/span>\n\t\t\t\t\t\t\t\t\t\t\t\t\t<\/span>\n\t\t\t\t\t\t\t\t\t\t\t\t<a href=\"\" class=\"elementor-toggle-title\">2015 - Erwachsene<\/a>\n\t\t\t\t\t<\/div>\n\n\t\t\t\t\t<div id=\"elementor-tab-content-87812\" class=\"elementor-tab-content elementor-clearfix\" data-tab=\"12\" role=\"tabpanel\" aria-labelledby=\"elementor-tab-title-87812\"><p>Die Ergebnisse der Vereinsmeisterschaft 2015:<\/p><p>Platz 1:\u00a0 \u00a0 \u00a0 \u00a0 \u00a0Rainer Schubert<br \/>Platz 2:\u00a0 \u00a0 \u00a0 \u00a0 \u00a0Thomas B\u00fcschleb<br \/>Platz 3:\u00a0 \u00a0 \u00a0 \u00a0 \u00a0Willi Kronj\u00e4ger<br \/>\u00a0 \u00a0 \u00a0 \u00a0 \u00a0 \u00a0 \u00a0 \u00a0 \u00a0 \u00a0 \u00a0 Detlef Fromme<\/p><p>Doppel 1:\u00a0 \u00a0 \u00a0Rainer Schubert \/ Henryk Pertko<br \/>Doppel 2:\u00a0 \u00a0 \u00a0Herbert Tiller \/ Stefan Blaess<\/p><\/div>\n\t\t\t\t<\/div>\n\t\t\t\t\t\t\t<div class=\"elementor-toggle-item\">\n\t\t\t\t\t<div id=\"elementor-tab-title-87813\" class=\"elementor-tab-title\" data-tab=\"13\" role=\"tab\" aria-controls=\"elementor-tab-content-87813\" aria-expanded=\"false\">\n\t\t\t\t\t\t\t\t\t\t\t\t<span class=\"elementor-toggle-icon elementor-toggle-icon-left\" aria-hidden=\"true\">\n\t\t\t\t\t\t\t\t\t\t\t\t\t\t\t<span class=\"elementor-toggle-icon-closed\"><i class=\"fas fa-caret-right\"><\/i><\/span>\n\t\t\t\t\t\t\t\t<span class=\"elementor-toggle-icon-opened\"><i class=\"elementor-toggle-icon-opened fas fa-caret-up\"><\/i><\/span>\n\t\t\t\t\t\t\t\t\t\t\t\t\t<\/span>\n\t\t\t\t\t\t\t\t\t\t\t\t<a href=\"\" class=\"elementor-toggle-title\">2015 - Jugend<\/a>\n\t\t\t\t\t<\/div>\n\n\t\t\t\t\t<div id=\"elementor-tab-content-87813\" class=\"elementor-tab-content elementor-clearfix\" data-tab=\"13\" role=\"tabpanel\" aria-labelledby=\"elementor-tab-title-87813\"><h4><span>Luca H\u00fchne siegt bei den Vereinsmeisterschaften 2015 &#8211; Jugend &#8211;\u00a0<\/span><\/h4><p><span>Nachdem die Jugendmannschaft des TTC Pe-La-Ka die Fr\u00fchjahrssaison 2015 in der 1. Jugendkreis\u00adklasse auf Platz 3 abgeschlossen hat, waren die Aktiven zur Teilnahme an der Vereinsmeisterschaft aufgerufen. Neben Spielerinnen und Spielern der Mannschaft haben sich auch Teilnehmer der Anf\u00e4ngergruppe dem Wettkampf gestellt. Damit konnten die Jugendbetreuer ein 7-k\u00f6pfiges Starter\u00adfeld begr\u00fc\u00dfen. Gespielt wurde im Modus \u201eJeder gegen Jeden\u201c &#8211; und jeder k\u00e4mpfte um jeden Ball und jeden Punkt. Die Spieler der Mannschaft hatten dabei nat\u00fcrlich Vorteile gegen\u00fcber der Anf\u00e4ngergruppe. Trotzdem gelang es Lena insgesamt 31 Ballwechsel f\u00fcr sich zu entscheiden. Sophia erk\u00e4mpfte sich 42 Punkte und Frederick sogar 65.\u00a0<\/span><\/p><p>Luca H\u00fchne spielte wie immer eine sehr sichere R\u00fcckhand und konnte mit der Vorhand Angriffsb\u00e4lle platzieren. Er blieb ohne Satzverlust und sicherte sich damit den Titel \u201eVereinsmeister 2015\u201c. Auf Platz 2 folgt Stefanie Gr\u00fchl, die nur gegen Luca eine Niederlage hinnehmen musste. Den dritten Rang erreichte Erik Killig, der gegen Stefanie noch einen Satz gewinnen konnte. Auf den weiteren Pl\u00e4tzen folgen Marcel Hogreve (4.), Frederick Hillebrecht (5.), Sophia Leditschke (6.) und Lena G\u00e4dicke (7.).<\/p><p>Die Betreuer zeigten sich mit den Leistungen sehr zufrieden, war doch bei allen Teilnehmern zu erkennen, dass sie motiviert und engagiert mit dem kleinen Zelluloidball auf die Punktejagd gegangen sind. Luca eine Niederlage hinnehmen musste. Den dritten Rang erreichte Erik Killig, der gegen Stefanie noch einen Satz gewinnen konnte. Auf den weiteren Pl\u00e4tzen folgen Marcel Hogreve (4.), Frederick Hillebrecht (5.), Sophia Leditschke (6.) und Lena G\u00e4dicke (7.).<\/p><p><img decoding=\"async\" loading=\"lazy\" src=\"http:\/\/neu.ttcpelaka.de\/wp-content\/uploads\/2019\/10\/VM_2015_Jugend-1024x768.jpg\" alt=\"\" width=\"750\" height=\"563\" class=\"aligncenter wp-image-404 size-large\" srcset=\"https:\/\/ttcpelaka.de\/wp-content\/uploads\/2019\/10\/VM_2015_Jugend-1024x768.jpg 1024w, https:\/\/ttcpelaka.de\/wp-content\/uploads\/2019\/10\/VM_2015_Jugend-300x225.jpg 300w, https:\/\/ttcpelaka.de\/wp-content\/uploads\/2019\/10\/VM_2015_Jugend-768x576.jpg 768w\" sizes=\"(max-width: 750px) 100vw, 750px\" \/><\/p><\/div>\n\t\t\t\t<\/div>\n\t\t\t\t\t\t\t\t<\/div>\n\t\t\t\t<\/div>\n\t\t\t\t<\/div>\n\t\t\t\t\t\t<\/div>\n\t\t\t\t\t<\/div>\n\t\t<\/div>\n\t\t\t\t<div class=\"elementor-column elementor-col-33 elementor-top-column elementor-element elementor-element-0d0a4b4\" data-id=\"0d0a4b4\" data-element_type=\"column\">\n\t\t\t<div class=\"elementor-column-wrap\">\n\t\t\t\t\t\t\t<div class=\"elementor-widget-wrap\">\n\t\t\t\t\t\t\t\t<\/div>\n\t\t\t\t\t<\/div>\n\t\t<\/div>\n\t\t\t\t\t\t\t\t<\/div>\n\t\t\t\t\t<\/div>\n\t\t<\/section>\n\t\t\t\t<section class=\"elementor-section elementor-top-section elementor-element elementor-element-42afd95 elementor-section-boxed elementor-section-height-default elementor-section-height-default\" data-id=\"42afd95\" data-element_type=\"section\">\n\t\t\t\t\t\t<div class=\"elementor-container elementor-column-gap-default\">\n\t\t\t\t\t\t\t<div class=\"elementor-row\">\n\t\t\t\t\t<div class=\"elementor-column elementor-col-100 elementor-top-column elementor-element elementor-element-9192653\" data-id=\"9192653\" data-element_type=\"column\">\n\t\t\t<div class=\"elementor-column-wrap elementor-element-populated\">\n\t\t\t\t\t\t\t<div class=\"elementor-widget-wrap\">\n\t\t\t\t\t\t<div class=\"elementor-element elementor-element-d503a20 elementor-widget elementor-widget-text-editor\" data-id=\"d503a20\" data-element_type=\"widget\" data-widget_type=\"text-editor.default\">\n\t\t\t\t<div class=\"elementor-widget-container\">\n\t\t\t\t\t\t\t\t<div class=\"elementor-text-editor elementor-clearfix\">\n\t\t\t\t<p><strong>Bilder von unseren Vereinsmeisterschaften:<\/strong><\/p>\t\t\t\t\t<\/div>\n\t\t\t\t\t\t<\/div>\n\t\t\t\t<\/div>\n\t\t\t\t\t\t<\/div>\n\t\t\t\t\t<\/div>\n\t\t<\/div>\n\t\t\t\t\t\t\t\t<\/div>\n\t\t\t\t\t<\/div>\n\t\t<\/section>\n\t\t\t\t<section class=\"elementor-section elementor-top-section elementor-element elementor-element-c50a62d elementor-section-boxed elementor-section-height-default elementor-section-height-default\" data-id=\"c50a62d\" data-element_type=\"section\">\n\t\t\t\t\t\t<div class=\"elementor-container elementor-column-gap-default\">\n\t\t\t\t\t\t\t<div class=\"elementor-row\">\n\t\t\t\t\t<div class=\"elementor-column elementor-col-100 elementor-top-column elementor-element elementor-element-31900d1\" data-id=\"31900d1\" data-element_type=\"column\">\n\t\t\t<div class=\"elementor-column-wrap elementor-element-populated\">\n\t\t\t\t\t\t\t<div class=\"elementor-widget-wrap\">\n\t\t\t\t\t\t<div class=\"elementor-element elementor-element-70e3d10 elementor-arrows-position-inside elementor-pagination-position-outside elementor-widget elementor-widget-image-carousel\" data-id=\"70e3d10\" data-element_type=\"widget\" data-settings=\"{&quot;navigation&quot;:&quot;both&quot;,&quot;autoplay&quot;:&quot;yes&quot;,&quot;pause_on_hover&quot;:&quot;yes&quot;,&quot;pause_on_interaction&quot;:&quot;yes&quot;,&quot;autoplay_speed&quot;:5000,&quot;infinite&quot;:&quot;yes&quot;,&quot;speed&quot;:500}\" data-widget_type=\"image-carousel.default\">\n\t\t\t\t<div class=\"elementor-widget-container\">\n\t\t\t\t\t<div class=\"elementor-image-carousel-wrapper swiper-container\" dir=\"ltr\">\n\t\t\t<div class=\"elementor-image-carousel swiper-wrapper\">\n\t\t\t\t\t\t\t\t<div class=\"swiper-slide\"><figure class=\"swiper-slide-inner\"><img decoding=\"async\" class=\"swiper-slide-image\" src=\"https:\/\/ttcpelaka.de\/wp-content\/uploads\/2023\/09\/VM-2023-Teilnehmer-gesamt-2-1024x616.jpg\" alt=\"Teilnehmer 2023\" \/><figcaption class=\"elementor-image-carousel-caption\">Teilnehmer 2023<\/figcaption><\/figure><\/div><div class=\"swiper-slide\"><figure class=\"swiper-slide-inner\"><img decoding=\"async\" class=\"swiper-slide-image\" src=\"https:\/\/ttcpelaka.de\/wp-content\/uploads\/2021\/08\/Teilnehmer_alle-28.8.21-1024x768.jpg\" alt=\"Teilnehmer 2021\" \/><figcaption class=\"elementor-image-carousel-caption\">Teilnehmer 2021<\/figcaption><\/figure><\/div><div class=\"swiper-slide\"><figure class=\"swiper-slide-inner\"><img decoding=\"async\" class=\"swiper-slide-image\" src=\"https:\/\/ttcpelaka.de\/wp-content\/uploads\/2021\/08\/Sieger_Florian-28.8.21-768x1024.jpg\" alt=\"Vereinsmester 2021\" \/><figcaption class=\"elementor-image-carousel-caption\">Vereinsmester 2021<\/figcaption><\/figure><\/div><div class=\"swiper-slide\"><figure class=\"swiper-slide-inner\"><img decoding=\"async\" class=\"swiper-slide-image\" src=\"https:\/\/ttcpelaka.de\/wp-content\/uploads\/2021\/08\/Sieger_Jugend-28.8.21-1024x768.jpg\" alt=\"Jugend 2021\" \/><figcaption class=\"elementor-image-carousel-caption\">Jugend 2021<\/figcaption><\/figure><\/div><div class=\"swiper-slide\"><figure class=\"swiper-slide-inner\"><img decoding=\"async\" class=\"swiper-slide-image\" src=\"https:\/\/ttcpelaka.de\/wp-content\/uploads\/2019\/10\/VM_2019_Jugend-1024x768.jpg\" alt=\"Jugend 2019\" \/><figcaption class=\"elementor-image-carousel-caption\">Jugend 2019<\/figcaption><\/figure><\/div><div class=\"swiper-slide\"><figure class=\"swiper-slide-inner\"><img decoding=\"async\" class=\"swiper-slide-image\" src=\"https:\/\/ttcpelaka.de\/wp-content\/uploads\/2019\/10\/VM_2018_Jugend-1024x768.jpg\" alt=\"Jugend 2018\" \/><figcaption class=\"elementor-image-carousel-caption\">Jugend 2018<\/figcaption><\/figure><\/div><div class=\"swiper-slide\"><figure class=\"swiper-slide-inner\"><img decoding=\"async\" class=\"swiper-slide-image\" src=\"https:\/\/ttcpelaka.de\/wp-content\/uploads\/2019\/10\/VM_2017_Jugend-1024x768.jpg\" alt=\"Jugend 2017\" \/><figcaption class=\"elementor-image-carousel-caption\">Jugend 2017<\/figcaption><\/figure><\/div><div class=\"swiper-slide\"><figure class=\"swiper-slide-inner\"><img decoding=\"async\" class=\"swiper-slide-image\" src=\"https:\/\/ttcpelaka.de\/wp-content\/uploads\/2019\/10\/VM_2017_Erwachsene-1024x768.jpg\" alt=\"Erwachsene 2017\" \/><figcaption class=\"elementor-image-carousel-caption\">Erwachsene 2017<\/figcaption><\/figure><\/div><div class=\"swiper-slide\"><figure class=\"swiper-slide-inner\"><img decoding=\"async\" class=\"swiper-slide-image\" src=\"https:\/\/ttcpelaka.de\/wp-content\/uploads\/2019\/10\/VM_2016_Jugend-1024x768.jpg\" alt=\"Jugend 2016\" \/><figcaption class=\"elementor-image-carousel-caption\">Jugend 2016<\/figcaption><\/figure><\/div><div class=\"swiper-slide\"><figure class=\"swiper-slide-inner\"><img decoding=\"async\" class=\"swiper-slide-image\" src=\"https:\/\/ttcpelaka.de\/wp-content\/uploads\/2019\/10\/VM_2015_Jugend-1024x768.jpg\" alt=\"Jugend 2015\" \/><figcaption class=\"elementor-image-carousel-caption\">Jugend 2015<\/figcaption><\/figure><\/div><div class=\"swiper-slide\"><figure class=\"swiper-slide-inner\"><img decoding=\"async\" class=\"swiper-slide-image\" src=\"https:\/\/ttcpelaka.de\/wp-content\/uploads\/2019\/10\/VM_2014_Jugend-1024x768.jpg\" alt=\"Jugend 2014\" \/><figcaption class=\"elementor-image-carousel-caption\">Jugend 2014<\/figcaption><\/figure><\/div><div class=\"swiper-slide\"><figure class=\"swiper-slide-inner\"><img decoding=\"async\" class=\"swiper-slide-image\" src=\"https:\/\/ttcpelaka.de\/wp-content\/uploads\/2019\/10\/VM_2014_Erwachsene-1024x768.jpg\" alt=\"Erwachsene 2014\" \/><figcaption class=\"elementor-image-carousel-caption\">Erwachsene 2014<\/figcaption><\/figure><\/div><div class=\"swiper-slide\"><figure class=\"swiper-slide-inner\"><img decoding=\"async\" class=\"swiper-slide-image\" src=\"https:\/\/ttcpelaka.de\/wp-content\/uploads\/2019\/10\/VM_2013_Jugend-1024x768.jpg\" alt=\"Jugend 2013\" \/><figcaption class=\"elementor-image-carousel-caption\">Jugend 2013<\/figcaption><\/figure><\/div><div class=\"swiper-slide\"><figure class=\"swiper-slide-inner\"><img decoding=\"async\" class=\"swiper-slide-image\" src=\"https:\/\/ttcpelaka.de\/wp-content\/uploads\/2019\/10\/VM_2013_Erwachsene-e1570274873638-1024x770.jpeg\" alt=\"Erwachsene 2013\" \/><figcaption class=\"elementor-image-carousel-caption\">Erwachsene 2013<\/figcaption><\/figure><\/div><div class=\"swiper-slide\"><figure class=\"swiper-slide-inner\"><img decoding=\"async\" class=\"swiper-slide-image\" src=\"https:\/\/ttcpelaka.de\/wp-content\/uploads\/2019\/10\/VM_2012_Jugend-1024x768.jpg\" alt=\"Jugend 2012\" \/><figcaption class=\"elementor-image-carousel-caption\">Jugend 2012<\/figcaption><\/figure><\/div><div class=\"swiper-slide\"><figure class=\"swiper-slide-inner\"><img decoding=\"async\" class=\"swiper-slide-image\" src=\"https:\/\/ttcpelaka.de\/wp-content\/uploads\/2019\/10\/VM_2012_Erwachsene-1024x768.jpg\" alt=\"Erwachsene 2012\" \/><figcaption class=\"elementor-image-carousel-caption\">Erwachsene 2012<\/figcaption><\/figure><\/div><div class=\"swiper-slide\"><figure class=\"swiper-slide-inner\"><img decoding=\"async\" class=\"swiper-slide-image\" src=\"https:\/\/ttcpelaka.de\/wp-content\/uploads\/2019\/10\/VM_2011_Jugend-1024x768.jpg\" alt=\"Jugend 2011\" \/><figcaption class=\"elementor-image-carousel-caption\">Jugend 2011<\/figcaption><\/figure><\/div>\t\t\t<\/div>\n\t\t\t\t\t\t\t\t\t\t\t\t<div class=\"swiper-pagination\"><\/div>\n\t\t\t\t\t\t\t\t\t\t\t\t\t<div class=\"elementor-swiper-button elementor-swiper-button-prev\">\n\t\t\t\t\t\t<i aria-hidden=\"true\" class=\"eicon-chevron-left\"><\/i>\t\t\t\t\t\t<span class=\"elementor-screen-only\">Zur\u00fcck<\/span>\n\t\t\t\t\t<\/div>\n\t\t\t\t\t<div class=\"elementor-swiper-button elementor-swiper-button-next\">\n\t\t\t\t\t\t<i aria-hidden=\"true\" class=\"eicon-chevron-right\"><\/i>\t\t\t\t\t\t<span class=\"elementor-screen-only\">Weiter<\/span>\n\t\t\t\t\t<\/div>\n\t\t\t\t\t\t\t\t\t<\/div>\n\t\t\t\t<\/div>\n\t\t\t\t<\/div>\n\t\t\t\t\t\t<\/div>\n\t\t\t\t\t<\/div>\n\t\t<\/div>\n\t\t\t\t\t\t\t\t<\/div>\n\t\t\t\t\t<\/div>\n\t\t<\/section>\n\t\t\t\t\t\t\t\t\t<\/div>\n\t\t\t<\/div>\n\t\t\t\t\t<\/div>\n\t\t","protected":false},"excerpt":{"rendered":"<p>Vereinsmeisterschaften 2023 Jugend und Erwachsene An den\u00a0Vereinsmeisterschaften der Jugend 2023 des TTC Pe-La-Ka nahmen 13 Spieler*innen teil. In drei Gruppen wurde jeder gegen jeden gespielt: Gruppe A1.\u00a0 Lasse Wachsmuth\u00a0 \u00a0 4:0 Spiele\u00a0 12:0 S\u00e4tze2.\u00a0 Nils Walther\u00a0 \u00a0 \u00a0 \u00a0 \u00a0 \u00a0 \u00a0 \u00a03:1 Spiele\u00a0 \u00a0 9:4 S\u00e4tze3.\u00a0 Rune Pokriefke\u00a0 \u00a0 [&hellip;]<\/p>\n","protected":false},"author":2,"featured_media":0,"parent":0,"menu_order":0,"comment_status":"closed","ping_status":"closed","template":"page-templates\/template-pagebuilder-full-width.php","meta":[],"_links":{"self":[{"href":"https:\/\/ttcpelaka.de\/index.php?rest_route=\/wp\/v2\/pages\/382"}],"collection":[{"href":"https:\/\/ttcpelaka.de\/index.php?rest_route=\/wp\/v2\/pages"}],"about":[{"href":"https:\/\/ttcpelaka.de\/index.php?rest_route=\/wp\/v2\/types\/page"}],"author":[{"embeddable":true,"href":"https:\/\/ttcpelaka.de\/index.php?rest_route=\/wp\/v2\/users\/2"}],"replies":[{"embeddable":true,"href":"https:\/\/ttcpelaka.de\/index.php?rest_route=%2Fwp%2Fv2%2Fcomments&post=382"}],"version-history":[{"count":36,"href":"https:\/\/ttcpelaka.de\/index.php?rest_route=\/wp\/v2\/pages\/382\/revisions"}],"predecessor-version":[{"id":2017,"href":"https:\/\/ttcpelaka.de\/index.php?rest_route=\/wp\/v2\/pages\/382\/revisions\/2017"}],"wp:attachment":[{"href":"https:\/\/ttcpelaka.de\/index.php?rest_route=%2Fwp%2Fv2%2Fmedia&parent=382"}],"curies":[{"name":"wp","href":"https:\/\/api.w.org\/{rel}","templated":true}]}}